{"id":13924,"date":"2024-06-11T13:10:19","date_gmt":"2024-06-11T10:10:19","guid":{"rendered":"https:\/\/skaitytaknyga.lt\/?post_type=product&#038;p=13924"},"modified":"2025-06-26T15:39:19","modified_gmt":"2025-06-26T12:39:19","slug":"telsiai-sakralinis-kompleksas-insulos-kalvoje","status":"publish","type":"product","link":"https:\/\/skaitytaknyga.lt\/en\/produktas\/telsiai-sakralinis-kompleksas-insulos-kalvoje\/","title":{"rendered":"Tel\u0161iai: sakralinis kompleksas Insulos kalvoje"},"content":{"rendered":"<p>\u017demai\u010dio tel\u0161i\u0161kio prof. Adomo Butrimo knyga pad\u0117s mums atsekti, kaip per \u0161imtme\u010dius istorijos Valdovas, pasitelk\u0119s \u012fvykius ir \u012fvairiais laikais gyvenusius \u017emones, paruo\u0161\u0117 mums, XXI a. \u017eemai\u010diams, \u0161i\u0105 nuostabi\u0105 Tel\u0161i\u0173 katedros \u0161ventov\u0119, kad ja gal\u0117tume ne tik g\u0117r\u0117tis, bet ir joje semtis \u0161viesos ir dvasin\u0117s stipryb\u0117s, nepasiklysdami savo laik\u0173 gyvenimo keliuose ir kry\u017ekel\u0117se.<\/p>\n<div class=\"flex gap-2\">\n<div class=\"font-semibold text-black\">ISBN kodas:978-9955-854-02-9<\/div>\n<\/div>\n<div class=\"flex gap-2\">\n<div class=\"font-semibold text-black\">Leid\u0117jas: Lietuvos dail\u0117s akademijos leidykla<\/div>\n<\/div>\n<div class=\"flex gap-2\">\n<div class=\"font-semibold text-black\">Leidimo metai: 2008<\/div>\n<\/div>\n","protected":false},"excerpt":{"rendered":"<p>\u017demai\u010dio tel\u0161i\u0161kio prof. Adomo Butrimo knyga pad\u0117s mums atsekti, kaip per \u0161imtme\u010dius istorijos Valdovas, pasitelk\u0119s \u012fvykius ir \u012fvairiais laikais gyvenusius \u017emones, paruo\u0161\u0117 mums, XXI a. \u017eemai\u010diams, \u0161i\u0105 nuostabi\u0105 Tel\u0161i\u0173 katedros \u0161ventov\u0119, kad ja gal\u0117tume ne tik g\u0117r\u0117tis, bet ir joje semtis \u0161viesos ir dvasin\u0117s stipryb\u0117s, nepasiklysdami savo laik\u0173 gyvenimo keliuose ir kry\u017ekel\u0117se. ISBN kodas:978-9955-854-02-9 Leid\u0117jas: Lietuvos dail\u0117s akademijos leidykla Leidimo metai: 2008<\/p>\n","protected":false},"featured_media":13934,"comment_status":"open","ping_status":"closed","template":"","meta":{"_acf_changed":false,"site-sidebar-layout":"default","site-content-layout":"","ast-site-content-layout":"default","site-content-style":"default","site-sidebar-style":"default","ast-global-header-display":"","ast-banner-title-visibility":"","ast-main-header-display":"","ast-hfb-above-header-display":"","ast-hfb-below-header-display":"","ast-hfb-mobile-header-display":"","site-post-title":"","ast-breadcrumbs-content":"","ast-featured-img":"","footer-sml-layout":"","ast-disable-related-posts":"","theme-transparent-header-meta":"default","adv-header-id-meta":"","stick-header-meta":"","header-above-stick-meta":"","header-main-stick-meta":"","header-below-stick-meta":"","astra-migrate-meta-layouts":"set","ast-page-background-enabled":"default","ast-page-background-meta":{"desktop":{"background-color":"","background-image":"","background-repeat":"repeat","background-position":"center center","background-size":"auto","background-attachment":"scroll","background-type":"","background-media":"","overlay-type":"","overlay-color":"","overlay-opacity":"","overlay-gradient":""},"tablet":{"background-color":"","background-image":"","background-repeat":"repeat","background-position":"center center","background-size":"auto","background-attachment":"scroll","background-type":"","background-media":"","overlay-type":"","overlay-color":"","overlay-opacity":"","overlay-gradient":""},"mobile":{"background-color":"","background-image":"","background-repeat":"repeat","background-position":"center center","background-size":"auto","background-attachment":"scroll","background-type":"","background-media":"","overlay-type":"","overlay-color":"","overlay-opacity":"","overlay-gradient":""}},"ast-content-background-meta":{"desktop":{"background-color":"var(--ast-global-color-4)","background-image":"","background-repeat":"repeat","background-position":"center center","background-size":"auto","background-attachment":"scroll","background-type":"","background-media":"","overlay-type":"","overlay-color":"","overlay-opacity":"","overlay-gradient":""},"tablet":{"background-color":"var(--ast-global-color-4)","background-image":"","background-repeat":"repeat","background-position":"center center","background-size":"auto","background-attachment":"scroll","background-type":"","background-media":"","overlay-type":"","overlay-color":"","overlay-opacity":"","overlay-gradient":""},"mobile":{"background-color":"var(--ast-global-color-4)","background-image":"","background-repeat":"repeat","background-position":"center center","background-size":"auto","background-attachment":"scroll","background-type":"","background-media":"","overlay-type":"","overlay-color":"","overlay-opacity":"","overlay-gradient":""}}},"product_brand":[],"product_cat":[165,15],"product_tag":[5874,5843,5872,5870,2224,5873,5869,3362,5871],"class_list":{"0":"post-13924","1":"product","2":"type-product","3":"status-publish","4":"has-post-thumbnail","6":"product_cat-religija-filosofija-ir-ezoterika","7":"product_cat-uncategorized","8":"product_tag-5874","9":"product_tag-adomas-butrimas","10":"product_tag-dvasine-stiprybe","11":"product_tag-insulos-kalva","12":"product_tag-istorija","13":"product_tag-lietuvos-dailes-akademija","14":"product_tag-sakralinis-kompleksas","15":"product_tag-telsiai","16":"product_tag-telsiu-katedra","17":"desktop-align-left","18":"tablet-align-left","19":"mobile-align-left","21":"first","22":"instock","23":"shipping-taxable","24":"purchasable","25":"product-type-simple"},"acf":[],"yoast_head":"<!-- This site is optimized with the Yoast SEO plugin v27.4 - https:\/\/yoast.com\/product\/yoast-seo-wordpress\/ -->\n<title>Tel\u0161iai: sakralinis kompleksas Insulos kalvoje<\/title>\n<meta name=\"description\" content=\"\u017demai\u010dio tel\u0161i\u0161kio prof. Adomo Butrimo knyga pad\u0117s mums atsekti, kaip per \u0161imtme\u010dius istorijos Valdovas, pasitelk\u0119s \u012fvykius ir \u012fvairiais laikais\" \/>\n<meta name=\"robots\" content=\"index, follow, max-snippet:-1, max-image-preview:large, max-video-preview:-1\" \/>\n<link rel=\"canonical\" href=\"https:\/\/skaitytaknyga.lt\/en\/produktas\/telsiai-sakralinis-kompleksas-insulos-kalvoje\/\" \/>\n<meta property=\"og:locale\" content=\"en_GB\" \/>\n<meta property=\"og:locale:alternate\" content=\"lt_LT\" \/>\n<meta property=\"og:type\" content=\"article\" \/>\n<meta property=\"og:title\" content=\"Tel\u0161iai: sakralinis kompleksas Insulos kalvoje\" \/>\n<meta property=\"og:description\" content=\"\u017demai\u010dio tel\u0161i\u0161kio prof. Adomo Butrimo knyga pad\u0117s mums atsekti, kaip per \u0161imtme\u010dius istorijos Valdovas, pasitelk\u0119s \u012fvykius ir \u012fvairiais laikais\" \/>\n<meta property=\"og:url\" content=\"https:\/\/skaitytaknyga.lt\/en\/produktas\/telsiai-sakralinis-kompleksas-insulos-kalvoje\/\" \/>\n<meta property=\"og:site_name\" content=\"Skaitytaknyga\" \/>\n<meta property=\"article:publisher\" content=\"https:\/\/www.facebook.com\/skaitytaknyga\/\" \/>\n<meta property=\"article:modified_time\" content=\"2025-06-26T12:39:19+00:00\" \/>\n<meta property=\"og:image\" content=\"https:\/\/skaitytaknyga.lt\/wp-content\/uploads\/2024\/09\/Telsiai-sakralinis-kompleksas-Insulos-kalvoje.webp\" \/>\n\t<meta property=\"og:image:width\" content=\"306\" \/>\n\t<meta property=\"og:image:height\" content=\"575\" \/>\n\t<meta property=\"og:image:type\" content=\"image\/webp\" \/>\n<meta name=\"twitter:card\" content=\"summary_large_image\" \/>\n<meta name=\"twitter:label1\" content=\"Estimated reading time\" \/>\n\t<meta name=\"twitter:data1\" content=\"1 minute\" \/>\n<script type=\"application\/ld+json\" class=\"yoast-schema-graph\">{\"@context\":\"https:\\\/\\\/schema.org\",\"@graph\":[{\"@type\":\"WebPage\",\"@id\":\"https:\\\/\\\/skaitytaknyga.lt\\\/produktas\\\/telsiai-sakralinis-kompleksas-insulos-kalvoje\\\/\",\"url\":\"https:\\\/\\\/skaitytaknyga.lt\\\/produktas\\\/telsiai-sakralinis-kompleksas-insulos-kalvoje\\\/\",\"name\":\"Tel\u0161iai: sakralinis kompleksas Insulos kalvoje\",\"isPartOf\":{\"@id\":\"https:\\\/\\\/skaitytaknyga.lt\\\/#website\"},\"primaryImageOfPage\":{\"@id\":\"https:\\\/\\\/skaitytaknyga.lt\\\/produktas\\\/telsiai-sakralinis-kompleksas-insulos-kalvoje\\\/#primaryimage\"},\"image\":{\"@id\":\"https:\\\/\\\/skaitytaknyga.lt\\\/produktas\\\/telsiai-sakralinis-kompleksas-insulos-kalvoje\\\/#primaryimage\"},\"thumbnailUrl\":\"https:\\\/\\\/skaitytaknyga.lt\\\/wp-content\\\/uploads\\\/2024\\\/09\\\/Telsiai-sakralinis-kompleksas-Insulos-kalvoje.webp\",\"datePublished\":\"2024-06-11T10:10:19+00:00\",\"dateModified\":\"2025-06-26T12:39:19+00:00\",\"description\":\"\u017demai\u010dio tel\u0161i\u0161kio prof. Adomo Butrimo knyga pad\u0117s mums atsekti, kaip per \u0161imtme\u010dius istorijos Valdovas, pasitelk\u0119s \u012fvykius ir \u012fvairiais laikais\",\"breadcrumb\":{\"@id\":\"https:\\\/\\\/skaitytaknyga.lt\\\/produktas\\\/telsiai-sakralinis-kompleksas-insulos-kalvoje\\\/#breadcrumb\"},\"inLanguage\":\"en-GB\",\"potentialAction\":[{\"@type\":\"ReadAction\",\"target\":[\"https:\\\/\\\/skaitytaknyga.lt\\\/produktas\\\/telsiai-sakralinis-kompleksas-insulos-kalvoje\\\/\"]}]},{\"@type\":\"ImageObject\",\"inLanguage\":\"en-GB\",\"@id\":\"https:\\\/\\\/skaitytaknyga.lt\\\/produktas\\\/telsiai-sakralinis-kompleksas-insulos-kalvoje\\\/#primaryimage\",\"url\":\"https:\\\/\\\/skaitytaknyga.lt\\\/wp-content\\\/uploads\\\/2024\\\/09\\\/Telsiai-sakralinis-kompleksas-Insulos-kalvoje.webp\",\"contentUrl\":\"https:\\\/\\\/skaitytaknyga.lt\\\/wp-content\\\/uploads\\\/2024\\\/09\\\/Telsiai-sakralinis-kompleksas-Insulos-kalvoje.webp\",\"width\":306,\"height\":575,\"caption\":\"Tel\u0161iai: sakralinis kompleksas Insulos kalvoje\"},{\"@type\":\"BreadcrumbList\",\"@id\":\"https:\\\/\\\/skaitytaknyga.lt\\\/produktas\\\/telsiai-sakralinis-kompleksas-insulos-kalvoje\\\/#breadcrumb\",\"itemListElement\":[{\"@type\":\"ListItem\",\"position\":1,\"name\":\"Home\",\"item\":\"https:\\\/\\\/skaitytaknyga.lt\\\/\"},{\"@type\":\"ListItem\",\"position\":2,\"name\":\"Parduotuv\u0117\",\"item\":\"https:\\\/\\\/skaitytaknyga.lt\\\/knygu-parduotuve\\\/\"},{\"@type\":\"ListItem\",\"position\":3,\"name\":\"Tel\u0161iai: sakralinis kompleksas Insulos kalvoje\"}]},{\"@type\":\"WebSite\",\"@id\":\"https:\\\/\\\/skaitytaknyga.lt\\\/#website\",\"url\":\"https:\\\/\\\/skaitytaknyga.lt\\\/\",\"name\":\"skaitytaknyga.lt\",\"description\":\"Skaitytaknyga.lt \u2013 tai ma\u017eas \u0161eimos verslas, kuris prasid\u0117jo nuo meil\u0117s knygoms ir siekio i\u0161gelb\u0117ti knygas nuo likimo prie konteinerio. Kas vienam nereikalingas daiktas \u2013 kitam lobis, o mes esame tarpininkai, kurie padeda abiems tapti laimingesniems ???? \u017dinome kaip nelengva i\u0161gyventi ma\u017eiems verslams, tad nuo \u0161iol, \u010dia rasite ir kit\u0173, ma\u017e\u0173 \u0161eim\u0173 versl\u0173, rank\u0173 darbo, dovan\u0173 sau ir artimiesiems.\",\"publisher\":{\"@id\":\"https:\\\/\\\/skaitytaknyga.lt\\\/#organization\"},\"potentialAction\":[{\"@type\":\"SearchAction\",\"target\":{\"@type\":\"EntryPoint\",\"urlTemplate\":\"https:\\\/\\\/skaitytaknyga.lt\\\/?s={search_term_string}\"},\"query-input\":{\"@type\":\"PropertyValueSpecification\",\"valueRequired\":true,\"valueName\":\"search_term_string\"}}],\"inLanguage\":\"en-GB\"},{\"@type\":\"Organization\",\"@id\":\"https:\\\/\\\/skaitytaknyga.lt\\\/#organization\",\"name\":\"skaitytaknyga.lt\",\"url\":\"https:\\\/\\\/skaitytaknyga.lt\\\/\",\"logo\":{\"@type\":\"ImageObject\",\"inLanguage\":\"en-GB\",\"@id\":\"https:\\\/\\\/skaitytaknyga.lt\\\/#\\\/schema\\\/logo\\\/image\\\/\",\"url\":\"https:\\\/\\\/skaitytaknyga.lt\\\/wp-content\\\/uploads\\\/2024\\\/05\\\/cropped-cropped-cropped-02_00843_jt3bggkj1j3HLc7SyY6rEUpg.jpeg\",\"contentUrl\":\"https:\\\/\\\/skaitytaknyga.lt\\\/wp-content\\\/uploads\\\/2024\\\/05\\\/cropped-cropped-cropped-02_00843_jt3bggkj1j3HLc7SyY6rEUpg.jpeg\",\"width\":1600,\"height\":1600,\"caption\":\"skaitytaknyga.lt\"},\"image\":{\"@id\":\"https:\\\/\\\/skaitytaknyga.lt\\\/#\\\/schema\\\/logo\\\/image\\\/\"},\"sameAs\":[\"https:\\\/\\\/www.facebook.com\\\/skaitytaknyga\\\/\"]}]}<\/script>\n<!-- \/ Yoast SEO plugin. -->","yoast_head_json":{"title":"Tel\u0161iai: sakralinis kompleksas Insulos kalvoje","description":"\u017demai\u010dio tel\u0161i\u0161kio prof. Adomo Butrimo knyga pad\u0117s mums atsekti, kaip per \u0161imtme\u010dius istorijos Valdovas, pasitelk\u0119s \u012fvykius ir \u012fvairiais laikais","robots":{"index":"index","follow":"follow","max-snippet":"max-snippet:-1","max-image-preview":"max-image-preview:large","max-video-preview":"max-video-preview:-1"},"canonical":"https:\/\/skaitytaknyga.lt\/en\/produktas\/telsiai-sakralinis-kompleksas-insulos-kalvoje\/","og_locale":"en_GB","og_type":"article","og_title":"[:lt]Tel\u0161iai: sakralinis kompleksas Insulos kalvoje[:] - Skaitytaknyga","og_description":"\u017demai\u010dio tel\u0161i\u0161kio prof. Adomo Butrimo knyga pad\u0117s mums atsekti, kaip per \u0161imtme\u010dius istorijos Valdovas, pasitelk\u0119s \u012fvykius ir \u012fvairiais laikais","og_url":"https:\/\/skaitytaknyga.lt\/en\/produktas\/telsiai-sakralinis-kompleksas-insulos-kalvoje\/","og_site_name":"Skaitytaknyga","article_publisher":"https:\/\/www.facebook.com\/skaitytaknyga\/","article_modified_time":"2025-06-26T12:39:19+00:00","og_image":[{"width":306,"height":575,"url":"https:\/\/skaitytaknyga.lt\/wp-content\/uploads\/2024\/09\/Telsiai-sakralinis-kompleksas-Insulos-kalvoje.webp","type":"image\/webp"}],"twitter_card":"summary_large_image","twitter_misc":{"Estimated reading time":"1 minute"},"schema":{"@context":"https:\/\/schema.org","@graph":[{"@type":"WebPage","@id":"https:\/\/skaitytaknyga.lt\/produktas\/telsiai-sakralinis-kompleksas-insulos-kalvoje\/","url":"https:\/\/skaitytaknyga.lt\/produktas\/telsiai-sakralinis-kompleksas-insulos-kalvoje\/","name":"Tel\u0161iai: sakralinis kompleksas Insulos kalvoje","isPartOf":{"@id":"https:\/\/skaitytaknyga.lt\/#website"},"primaryImageOfPage":{"@id":"https:\/\/skaitytaknyga.lt\/produktas\/telsiai-sakralinis-kompleksas-insulos-kalvoje\/#primaryimage"},"image":{"@id":"https:\/\/skaitytaknyga.lt\/produktas\/telsiai-sakralinis-kompleksas-insulos-kalvoje\/#primaryimage"},"thumbnailUrl":"https:\/\/skaitytaknyga.lt\/wp-content\/uploads\/2024\/09\/Telsiai-sakralinis-kompleksas-Insulos-kalvoje.webp","datePublished":"2024-06-11T10:10:19+00:00","dateModified":"2025-06-26T12:39:19+00:00","description":"\u017demai\u010dio tel\u0161i\u0161kio prof. Adomo Butrimo knyga pad\u0117s mums atsekti, kaip per \u0161imtme\u010dius istorijos Valdovas, pasitelk\u0119s \u012fvykius ir \u012fvairiais laikais","breadcrumb":{"@id":"https:\/\/skaitytaknyga.lt\/produktas\/telsiai-sakralinis-kompleksas-insulos-kalvoje\/#breadcrumb"},"inLanguage":"en-GB","potentialAction":[{"@type":"ReadAction","target":["https:\/\/skaitytaknyga.lt\/produktas\/telsiai-sakralinis-kompleksas-insulos-kalvoje\/"]}]},{"@type":"ImageObject","inLanguage":"en-GB","@id":"https:\/\/skaitytaknyga.lt\/produktas\/telsiai-sakralinis-kompleksas-insulos-kalvoje\/#primaryimage","url":"https:\/\/skaitytaknyga.lt\/wp-content\/uploads\/2024\/09\/Telsiai-sakralinis-kompleksas-Insulos-kalvoje.webp","contentUrl":"https:\/\/skaitytaknyga.lt\/wp-content\/uploads\/2024\/09\/Telsiai-sakralinis-kompleksas-Insulos-kalvoje.webp","width":306,"height":575,"caption":"Tel\u0161iai: sakralinis kompleksas Insulos kalvoje"},{"@type":"BreadcrumbList","@id":"https:\/\/skaitytaknyga.lt\/produktas\/telsiai-sakralinis-kompleksas-insulos-kalvoje\/#breadcrumb","itemListElement":[{"@type":"ListItem","position":1,"name":"Home","item":"https:\/\/skaitytaknyga.lt\/"},{"@type":"ListItem","position":2,"name":"Parduotuv\u0117","item":"https:\/\/skaitytaknyga.lt\/knygu-parduotuve\/"},{"@type":"ListItem","position":3,"name":"Tel\u0161iai: sakralinis kompleksas Insulos kalvoje"}]},{"@type":"WebSite","@id":"https:\/\/skaitytaknyga.lt\/#website","url":"https:\/\/skaitytaknyga.lt\/","name":"skaitytaknyga.lt","description":"Skaitytaknyga.lt \u2013 tai ma\u017eas \u0161eimos verslas, kuris prasid\u0117jo nuo meil\u0117s knygoms ir siekio i\u0161gelb\u0117ti knygas nuo likimo prie konteinerio. Kas vienam nereikalingas daiktas \u2013 kitam lobis, o mes esame tarpininkai, kurie padeda abiems tapti laimingesniems ???? \u017dinome kaip nelengva i\u0161gyventi ma\u017eiems verslams, tad nuo \u0161iol, \u010dia rasite ir kit\u0173, ma\u017e\u0173 \u0161eim\u0173 versl\u0173, rank\u0173 darbo, dovan\u0173 sau ir artimiesiems.","publisher":{"@id":"https:\/\/skaitytaknyga.lt\/#organization"},"potentialAction":[{"@type":"SearchAction","target":{"@type":"EntryPoint","urlTemplate":"https:\/\/skaitytaknyga.lt\/?s={search_term_string}"},"query-input":{"@type":"PropertyValueSpecification","valueRequired":true,"valueName":"search_term_string"}}],"inLanguage":"en-GB"},{"@type":"Organization","@id":"https:\/\/skaitytaknyga.lt\/#organization","name":"skaitytaknyga.lt","url":"https:\/\/skaitytaknyga.lt\/","logo":{"@type":"ImageObject","inLanguage":"en-GB","@id":"https:\/\/skaitytaknyga.lt\/#\/schema\/logo\/image\/","url":"https:\/\/skaitytaknyga.lt\/wp-content\/uploads\/2024\/05\/cropped-cropped-cropped-02_00843_jt3bggkj1j3HLc7SyY6rEUpg.jpeg","contentUrl":"https:\/\/skaitytaknyga.lt\/wp-content\/uploads\/2024\/05\/cropped-cropped-cropped-02_00843_jt3bggkj1j3HLc7SyY6rEUpg.jpeg","width":1600,"height":1600,"caption":"skaitytaknyga.lt"},"image":{"@id":"https:\/\/skaitytaknyga.lt\/#\/schema\/logo\/image\/"},"sameAs":["https:\/\/www.facebook.com\/skaitytaknyga\/"]}]}},"_links":{"self":[{"href":"https:\/\/skaitytaknyga.lt\/en\/wp-json\/wp\/v2\/product\/13924","targetHints":{"allow":["GET"]}}],"collection":[{"href":"https:\/\/skaitytaknyga.lt\/en\/wp-json\/wp\/v2\/product"}],"about":[{"href":"https:\/\/skaitytaknyga.lt\/en\/wp-json\/wp\/v2\/types\/product"}],"replies":[{"embeddable":true,"href":"https:\/\/skaitytaknyga.lt\/en\/wp-json\/wp\/v2\/comments?post=13924"}],"wp:featuredmedia":[{"embeddable":true,"href":"https:\/\/skaitytaknyga.lt\/en\/wp-json\/wp\/v2\/media\/13934"}],"wp:attachment":[{"href":"https:\/\/skaitytaknyga.lt\/en\/wp-json\/wp\/v2\/media?parent=13924"}],"wp:term":[{"taxonomy":"product_brand","embeddable":true,"href":"https:\/\/skaitytaknyga.lt\/en\/wp-json\/wp\/v2\/product_brand?post=13924"},{"taxonomy":"product_cat","embeddable":true,"href":"https:\/\/skaitytaknyga.lt\/en\/wp-json\/wp\/v2\/product_cat?post=13924"},{"taxonomy":"product_tag","embeddable":true,"href":"https:\/\/skaitytaknyga.lt\/en\/wp-json\/wp\/v2\/product_tag?post=13924"}],"curies":[{"name":"wp","href":"https:\/\/api.w.org\/{rel}","templated":true}]}}