{"id":13612,"date":"2024-08-25T15:49:32","date_gmt":"2024-08-25T12:49:32","guid":{"rendered":"https:\/\/skaitytaknyga.lt\/?post_type=product&#038;p=13612"},"modified":"2025-06-26T15:37:31","modified_gmt":"2025-06-26T12:37:31","slug":"arto-paasilinna-zuikio-metai","status":"publish","type":"product","link":"https:\/\/skaitytaknyga.lt\/en\/produktas\/arto-paasilinna-zuikio-metai\/","title":{"rendered":"Zuikio metai"},"content":{"rendered":"<p>Vien\u0105 dien\u0105 du laikra\u0161tininkai ma\u0161ina partrenkia ma\u017e\u0105 zuik\u012f. \u017durnalistas Vatanenas i\u0161lipo pa\u017ei\u016br\u0117ti kaip ten tas zuikis ir pasiliko mi\u0161ke. Ka\u017ekas \u017emogeliui u\u017eplauk\u0117 ir jis i\u0161\u0117jo i\u0161 \u017emoni\u0173. Be dideli\u0173 sav\u0119s prievartavim\u0173 ir buvusio\/b\u016bsimo gyvenimo blusin\u0117jim\u0173. Pasi\u0117m\u0117 zuik\u012f ir patrauk\u0117 \u012f gamt\u0105.<\/p>\n<p>Toliau nuo miesto. Ne, jis netapo atsiskyr\u0117liu, nepuol\u0117 nugalin\u0117ti at\u0161iaurios Suomijos gamtos, ir tai ne vadov\u0117lis \u201eKaip i\u0161gyventi mi\u0161ke\u201c. Tiesiog \u017emogus keliavo su zuikiu, versdamasis atsitiktiniais darbais ir patirdamas linksm\u0173 nuotyki\u0173. Ir visada \u0161alia jo zuikis, toks paprastas sutv\u0117rimas nekeliantis pretenzij\u0173, o tiesiog visada esantis \u0161alia, ir supratingai tylintis u\u017euot moralizav\u0119s.<\/p>\n<ul class=\"about-product d-none d-xl-block mt-4\">\n<li><strong>Autorius:<\/strong>\u00a0Arto Paasilinna<\/li>\n<li><strong>Leid\u0117jas:<\/strong>\u00a0Tyto alba<\/li>\n<li><strong>Metai:<\/strong>\u00a02000<\/li>\n<li><strong>Puslapiai:<\/strong>\u00a0144<\/li>\n<li><strong>ISBN:<\/strong>\u00a09986161533<\/li>\n<li><strong>Formatas:<\/strong>\u00a014,5 x 20,5, mink\u0161ti vir\u0161eliai<\/li>\n<li><strong>Kalba:<\/strong>\u00a0Lietuvi\u0173<\/li>\n<li><strong>Vert\u0117jas:<\/strong>\u00a0Aida Krilavi\u010dien\u0117<\/li>\n<\/ul>\n","protected":false},"excerpt":{"rendered":"<p>Vien\u0105 dien\u0105 du laikra\u0161tininkai ma\u0161ina partrenkia ma\u017e\u0105 zuik\u012f. \u017durnalistas Vatanenas i\u0161lipo pa\u017ei\u016br\u0117ti kaip ten tas zuikis ir pasiliko mi\u0161ke. Ka\u017ekas \u017emogeliui u\u017eplauk\u0117 ir jis i\u0161\u0117jo i\u0161 \u017emoni\u0173. Be dideli\u0173 sav\u0119s prievartavim\u0173 ir buvusio\/b\u016bsimo gyvenimo blusin\u0117jim\u0173. Pasi\u0117m\u0117 zuik\u012f ir patrauk\u0117 \u012f gamt\u0105. Toliau nuo miesto. Ne, jis netapo atsiskyr\u0117liu, nepuol\u0117 nugalin\u0117ti at\u0161iaurios Suomijos gamtos, ir tai ne vadov\u0117lis \u201eKaip i\u0161gyventi mi\u0161ke\u201c. Tiesiog \u017emogus keliavo su zuikiu, versdamasis atsitiktiniais darbais ir patirdamas linksm\u0173 nuotyki\u0173. Ir visada \u0161alia jo zuikis, toks paprastas sutv\u0117rimas nekeliantis pretenzij\u0173, o tiesiog visada esantis \u0161alia, ir supratingai tylintis u\u017euot moralizav\u0119s. Autorius:\u00a0Arto Paasilinna Leid\u0117jas:\u00a0Tyto alba Metai:\u00a02000 Puslapiai:\u00a0144 ISBN:\u00a09986161533 Formatas:\u00a014,5 x 20,5, mink\u0161ti vir\u0161eliai Kalba:\u00a0Lietuvi\u0173 Vert\u0117jas:\u00a0Aida Krilavi\u010dien\u0117<\/p>\n","protected":false},"featured_media":13642,"comment_status":"open","ping_status":"closed","template":"","meta":{"_acf_changed":false,"site-sidebar-layout":"default","site-content-layout":"","ast-site-content-layout":"default","site-content-style":"default","site-sidebar-style":"default","ast-global-header-display":"","ast-banner-title-visibility":"","ast-main-header-display":"","ast-hfb-above-header-display":"","ast-hfb-below-header-display":"","ast-hfb-mobile-header-display":"","site-post-title":"","ast-breadcrumbs-content":"","ast-featured-img":"","footer-sml-layout":"","ast-disable-related-posts":"","theme-transparent-header-meta":"default","adv-header-id-meta":"","stick-header-meta":"","header-above-stick-meta":"","header-main-stick-meta":"","header-below-stick-meta":"","astra-migrate-meta-layouts":"set","ast-page-background-enabled":"default","ast-page-background-meta":{"desktop":{"background-color":"","background-image":"","background-repeat":"repeat","background-position":"center center","background-size":"auto","background-attachment":"scroll","background-type":"","background-media":"","overlay-type":"","overlay-color":"","overlay-opacity":"","overlay-gradient":""},"tablet":{"background-color":"","background-image":"","background-repeat":"repeat","background-position":"center center","background-size":"auto","background-attachment":"scroll","background-type":"","background-media":"","overlay-type":"","overlay-color":"","overlay-opacity":"","overlay-gradient":""},"mobile":{"background-color":"","background-image":"","background-repeat":"repeat","background-position":"center center","background-size":"auto","background-attachment":"scroll","background-type":"","background-media":"","overlay-type":"","overlay-color":"","overlay-opacity":"","overlay-gradient":""}},"ast-content-background-meta":{"desktop":{"background-color":"var(--ast-global-color-4)","background-image":"","background-repeat":"repeat","background-position":"center center","background-size":"auto","background-attachment":"scroll","background-type":"","background-media":"","overlay-type":"","overlay-color":"","overlay-opacity":"","overlay-gradient":""},"tablet":{"background-color":"var(--ast-global-color-4)","background-image":"","background-repeat":"repeat","background-position":"center center","background-size":"auto","background-attachment":"scroll","background-type":"","background-media":"","overlay-type":"","overlay-color":"","overlay-opacity":"","overlay-gradient":""},"mobile":{"background-color":"var(--ast-global-color-4)","background-image":"","background-repeat":"repeat","background-position":"center center","background-size":"auto","background-attachment":"scroll","background-type":"","background-media":"","overlay-type":"","overlay-color":"","overlay-opacity":"","overlay-gradient":""}}},"product_brand":[],"product_cat":[31,15],"product_tag":[5767,5769,1451,5768],"class_list":{"0":"post-13612","1":"product","2":"type-product","3":"status-publish","4":"has-post-thumbnail","6":"product_cat-grozine-literatura","7":"product_cat-uncategorized","8":"product_tag-arto-paasilinna","9":"product_tag-humoro-literatura","10":"product_tag-nuotykiai","11":"product_tag-suomijos-gamta","12":"desktop-align-left","13":"tablet-align-left","14":"mobile-align-left","16":"first","17":"outofstock","18":"shipping-taxable","19":"purchasable","20":"product-type-simple"},"acf":[],"yoast_head":"<!-- This site is optimized with the Yoast SEO plugin v27.4 - https:\/\/yoast.com\/product\/yoast-seo-wordpress\/ -->\n<title>Zuikio metai<\/title>\n<meta name=\"description\" content=\"Vien\u0105 dien\u0105 du laikra\u0161tininkai ma\u0161ina partrenkia ma\u017e\u0105 zuik\u012f. \u017durnalistas Vatanenas i\u0161lipo pa\u017ei\u016br\u0117ti kaip ten tas zuikis ir pasiliko mi\u0161ke. Ka\u017ekas\" \/>\n<meta name=\"robots\" content=\"index, follow, max-snippet:-1, max-image-preview:large, max-video-preview:-1\" \/>\n<link rel=\"canonical\" href=\"https:\/\/skaitytaknyga.lt\/en\/produktas\/arto-paasilinna-zuikio-metai\/\" \/>\n<meta property=\"og:locale\" content=\"en_GB\" \/>\n<meta property=\"og:locale:alternate\" content=\"lt_LT\" \/>\n<meta property=\"og:type\" content=\"article\" \/>\n<meta property=\"og:title\" content=\"Zuikio metai\" \/>\n<meta property=\"og:description\" content=\"Vien\u0105 dien\u0105 du laikra\u0161tininkai ma\u0161ina partrenkia ma\u017e\u0105 zuik\u012f. \u017durnalistas Vatanenas i\u0161lipo pa\u017ei\u016br\u0117ti kaip ten tas zuikis ir pasiliko mi\u0161ke. Ka\u017ekas\" \/>\n<meta property=\"og:url\" content=\"https:\/\/skaitytaknyga.lt\/en\/produktas\/arto-paasilinna-zuikio-metai\/\" \/>\n<meta property=\"og:site_name\" content=\"Skaitytaknyga\" \/>\n<meta property=\"article:publisher\" content=\"https:\/\/www.facebook.com\/skaitytaknyga\/\" \/>\n<meta property=\"article:modified_time\" content=\"2025-06-26T12:37:31+00:00\" \/>\n<meta property=\"og:image\" content=\"https:\/\/skaitytaknyga.lt\/wp-content\/uploads\/2024\/08\/Zuikio-metai.webp\" \/>\n\t<meta property=\"og:image:width\" content=\"528\" \/>\n\t<meta property=\"og:image:height\" content=\"800\" \/>\n\t<meta property=\"og:image:type\" content=\"image\/webp\" \/>\n<meta name=\"twitter:card\" content=\"summary_large_image\" \/>\n<meta name=\"twitter:label1\" content=\"Estimated reading time\" \/>\n\t<meta name=\"twitter:data1\" content=\"1 minute\" \/>\n<script type=\"application\/ld+json\" class=\"yoast-schema-graph\">{\"@context\":\"https:\\\/\\\/schema.org\",\"@graph\":[{\"@type\":\"WebPage\",\"@id\":\"https:\\\/\\\/skaitytaknyga.lt\\\/produktas\\\/arto-paasilinna-zuikio-metai\\\/\",\"url\":\"https:\\\/\\\/skaitytaknyga.lt\\\/produktas\\\/arto-paasilinna-zuikio-metai\\\/\",\"name\":\"Zuikio metai\",\"isPartOf\":{\"@id\":\"https:\\\/\\\/skaitytaknyga.lt\\\/#website\"},\"primaryImageOfPage\":{\"@id\":\"https:\\\/\\\/skaitytaknyga.lt\\\/produktas\\\/arto-paasilinna-zuikio-metai\\\/#primaryimage\"},\"image\":{\"@id\":\"https:\\\/\\\/skaitytaknyga.lt\\\/produktas\\\/arto-paasilinna-zuikio-metai\\\/#primaryimage\"},\"thumbnailUrl\":\"https:\\\/\\\/skaitytaknyga.lt\\\/wp-content\\\/uploads\\\/2024\\\/08\\\/Zuikio-metai.webp\",\"datePublished\":\"2024-08-25T12:49:32+00:00\",\"dateModified\":\"2025-06-26T12:37:31+00:00\",\"description\":\"Vien\u0105 dien\u0105 du laikra\u0161tininkai ma\u0161ina partrenkia ma\u017e\u0105 zuik\u012f. \u017durnalistas Vatanenas i\u0161lipo pa\u017ei\u016br\u0117ti kaip ten tas zuikis ir pasiliko mi\u0161ke. Ka\u017ekas\",\"breadcrumb\":{\"@id\":\"https:\\\/\\\/skaitytaknyga.lt\\\/produktas\\\/arto-paasilinna-zuikio-metai\\\/#breadcrumb\"},\"inLanguage\":\"en-GB\",\"potentialAction\":[{\"@type\":\"ReadAction\",\"target\":[\"https:\\\/\\\/skaitytaknyga.lt\\\/produktas\\\/arto-paasilinna-zuikio-metai\\\/\"]}]},{\"@type\":\"ImageObject\",\"inLanguage\":\"en-GB\",\"@id\":\"https:\\\/\\\/skaitytaknyga.lt\\\/produktas\\\/arto-paasilinna-zuikio-metai\\\/#primaryimage\",\"url\":\"https:\\\/\\\/skaitytaknyga.lt\\\/wp-content\\\/uploads\\\/2024\\\/08\\\/Zuikio-metai.webp\",\"contentUrl\":\"https:\\\/\\\/skaitytaknyga.lt\\\/wp-content\\\/uploads\\\/2024\\\/08\\\/Zuikio-metai.webp\",\"width\":528,\"height\":800,\"caption\":\"Zuikio metai\"},{\"@type\":\"BreadcrumbList\",\"@id\":\"https:\\\/\\\/skaitytaknyga.lt\\\/produktas\\\/arto-paasilinna-zuikio-metai\\\/#breadcrumb\",\"itemListElement\":[{\"@type\":\"ListItem\",\"position\":1,\"name\":\"Home\",\"item\":\"https:\\\/\\\/skaitytaknyga.lt\\\/\"},{\"@type\":\"ListItem\",\"position\":2,\"name\":\"Parduotuv\u0117\",\"item\":\"https:\\\/\\\/skaitytaknyga.lt\\\/knygu-parduotuve\\\/\"},{\"@type\":\"ListItem\",\"position\":3,\"name\":\"Zuikio metai\"}]},{\"@type\":\"WebSite\",\"@id\":\"https:\\\/\\\/skaitytaknyga.lt\\\/#website\",\"url\":\"https:\\\/\\\/skaitytaknyga.lt\\\/\",\"name\":\"skaitytaknyga.lt\",\"description\":\"Skaitytaknyga.lt \u2013 tai ma\u017eas \u0161eimos verslas, kuris prasid\u0117jo nuo meil\u0117s knygoms ir siekio i\u0161gelb\u0117ti knygas nuo likimo prie konteinerio. Kas vienam nereikalingas daiktas \u2013 kitam lobis, o mes esame tarpininkai, kurie padeda abiems tapti laimingesniems ???? \u017dinome kaip nelengva i\u0161gyventi ma\u017eiems verslams, tad nuo \u0161iol, \u010dia rasite ir kit\u0173, ma\u017e\u0173 \u0161eim\u0173 versl\u0173, rank\u0173 darbo, dovan\u0173 sau ir artimiesiems.\",\"publisher\":{\"@id\":\"https:\\\/\\\/skaitytaknyga.lt\\\/#organization\"},\"potentialAction\":[{\"@type\":\"SearchAction\",\"target\":{\"@type\":\"EntryPoint\",\"urlTemplate\":\"https:\\\/\\\/skaitytaknyga.lt\\\/?s={search_term_string}\"},\"query-input\":{\"@type\":\"PropertyValueSpecification\",\"valueRequired\":true,\"valueName\":\"search_term_string\"}}],\"inLanguage\":\"en-GB\"},{\"@type\":\"Organization\",\"@id\":\"https:\\\/\\\/skaitytaknyga.lt\\\/#organization\",\"name\":\"skaitytaknyga.lt\",\"url\":\"https:\\\/\\\/skaitytaknyga.lt\\\/\",\"logo\":{\"@type\":\"ImageObject\",\"inLanguage\":\"en-GB\",\"@id\":\"https:\\\/\\\/skaitytaknyga.lt\\\/#\\\/schema\\\/logo\\\/image\\\/\",\"url\":\"https:\\\/\\\/skaitytaknyga.lt\\\/wp-content\\\/uploads\\\/2024\\\/05\\\/cropped-cropped-cropped-02_00843_jt3bggkj1j3HLc7SyY6rEUpg.jpeg\",\"contentUrl\":\"https:\\\/\\\/skaitytaknyga.lt\\\/wp-content\\\/uploads\\\/2024\\\/05\\\/cropped-cropped-cropped-02_00843_jt3bggkj1j3HLc7SyY6rEUpg.jpeg\",\"width\":1600,\"height\":1600,\"caption\":\"skaitytaknyga.lt\"},\"image\":{\"@id\":\"https:\\\/\\\/skaitytaknyga.lt\\\/#\\\/schema\\\/logo\\\/image\\\/\"},\"sameAs\":[\"https:\\\/\\\/www.facebook.com\\\/skaitytaknyga\\\/\"]}]}<\/script>\n<!-- \/ Yoast SEO plugin. -->","yoast_head_json":{"title":"Zuikio metai","description":"Vien\u0105 dien\u0105 du laikra\u0161tininkai ma\u0161ina partrenkia ma\u017e\u0105 zuik\u012f. \u017durnalistas Vatanenas i\u0161lipo pa\u017ei\u016br\u0117ti kaip ten tas zuikis ir pasiliko mi\u0161ke. Ka\u017ekas","robots":{"index":"index","follow":"follow","max-snippet":"max-snippet:-1","max-image-preview":"max-image-preview:large","max-video-preview":"max-video-preview:-1"},"canonical":"https:\/\/skaitytaknyga.lt\/en\/produktas\/arto-paasilinna-zuikio-metai\/","og_locale":"en_GB","og_type":"article","og_title":"[:lt]Zuikio metai[:] - Skaitytaknyga","og_description":"Vien\u0105 dien\u0105 du laikra\u0161tininkai ma\u0161ina partrenkia ma\u017e\u0105 zuik\u012f. \u017durnalistas Vatanenas i\u0161lipo pa\u017ei\u016br\u0117ti kaip ten tas zuikis ir pasiliko mi\u0161ke. Ka\u017ekas","og_url":"https:\/\/skaitytaknyga.lt\/en\/produktas\/arto-paasilinna-zuikio-metai\/","og_site_name":"Skaitytaknyga","article_publisher":"https:\/\/www.facebook.com\/skaitytaknyga\/","article_modified_time":"2025-06-26T12:37:31+00:00","og_image":[{"width":528,"height":800,"url":"https:\/\/skaitytaknyga.lt\/wp-content\/uploads\/2024\/08\/Zuikio-metai.webp","type":"image\/webp"}],"twitter_card":"summary_large_image","twitter_misc":{"Estimated reading time":"1 minute"},"schema":{"@context":"https:\/\/schema.org","@graph":[{"@type":"WebPage","@id":"https:\/\/skaitytaknyga.lt\/produktas\/arto-paasilinna-zuikio-metai\/","url":"https:\/\/skaitytaknyga.lt\/produktas\/arto-paasilinna-zuikio-metai\/","name":"Zuikio metai","isPartOf":{"@id":"https:\/\/skaitytaknyga.lt\/#website"},"primaryImageOfPage":{"@id":"https:\/\/skaitytaknyga.lt\/produktas\/arto-paasilinna-zuikio-metai\/#primaryimage"},"image":{"@id":"https:\/\/skaitytaknyga.lt\/produktas\/arto-paasilinna-zuikio-metai\/#primaryimage"},"thumbnailUrl":"https:\/\/skaitytaknyga.lt\/wp-content\/uploads\/2024\/08\/Zuikio-metai.webp","datePublished":"2024-08-25T12:49:32+00:00","dateModified":"2025-06-26T12:37:31+00:00","description":"Vien\u0105 dien\u0105 du laikra\u0161tininkai ma\u0161ina partrenkia ma\u017e\u0105 zuik\u012f. \u017durnalistas Vatanenas i\u0161lipo pa\u017ei\u016br\u0117ti kaip ten tas zuikis ir pasiliko mi\u0161ke. Ka\u017ekas","breadcrumb":{"@id":"https:\/\/skaitytaknyga.lt\/produktas\/arto-paasilinna-zuikio-metai\/#breadcrumb"},"inLanguage":"en-GB","potentialAction":[{"@type":"ReadAction","target":["https:\/\/skaitytaknyga.lt\/produktas\/arto-paasilinna-zuikio-metai\/"]}]},{"@type":"ImageObject","inLanguage":"en-GB","@id":"https:\/\/skaitytaknyga.lt\/produktas\/arto-paasilinna-zuikio-metai\/#primaryimage","url":"https:\/\/skaitytaknyga.lt\/wp-content\/uploads\/2024\/08\/Zuikio-metai.webp","contentUrl":"https:\/\/skaitytaknyga.lt\/wp-content\/uploads\/2024\/08\/Zuikio-metai.webp","width":528,"height":800,"caption":"Zuikio metai"},{"@type":"BreadcrumbList","@id":"https:\/\/skaitytaknyga.lt\/produktas\/arto-paasilinna-zuikio-metai\/#breadcrumb","itemListElement":[{"@type":"ListItem","position":1,"name":"Home","item":"https:\/\/skaitytaknyga.lt\/"},{"@type":"ListItem","position":2,"name":"Parduotuv\u0117","item":"https:\/\/skaitytaknyga.lt\/knygu-parduotuve\/"},{"@type":"ListItem","position":3,"name":"Zuikio metai"}]},{"@type":"WebSite","@id":"https:\/\/skaitytaknyga.lt\/#website","url":"https:\/\/skaitytaknyga.lt\/","name":"skaitytaknyga.lt","description":"Skaitytaknyga.lt \u2013 tai ma\u017eas \u0161eimos verslas, kuris prasid\u0117jo nuo meil\u0117s knygoms ir siekio i\u0161gelb\u0117ti knygas nuo likimo prie konteinerio. Kas vienam nereikalingas daiktas \u2013 kitam lobis, o mes esame tarpininkai, kurie padeda abiems tapti laimingesniems ???? \u017dinome kaip nelengva i\u0161gyventi ma\u017eiems verslams, tad nuo \u0161iol, \u010dia rasite ir kit\u0173, ma\u017e\u0173 \u0161eim\u0173 versl\u0173, rank\u0173 darbo, dovan\u0173 sau ir artimiesiems.","publisher":{"@id":"https:\/\/skaitytaknyga.lt\/#organization"},"potentialAction":[{"@type":"SearchAction","target":{"@type":"EntryPoint","urlTemplate":"https:\/\/skaitytaknyga.lt\/?s={search_term_string}"},"query-input":{"@type":"PropertyValueSpecification","valueRequired":true,"valueName":"search_term_string"}}],"inLanguage":"en-GB"},{"@type":"Organization","@id":"https:\/\/skaitytaknyga.lt\/#organization","name":"skaitytaknyga.lt","url":"https:\/\/skaitytaknyga.lt\/","logo":{"@type":"ImageObject","inLanguage":"en-GB","@id":"https:\/\/skaitytaknyga.lt\/#\/schema\/logo\/image\/","url":"https:\/\/skaitytaknyga.lt\/wp-content\/uploads\/2024\/05\/cropped-cropped-cropped-02_00843_jt3bggkj1j3HLc7SyY6rEUpg.jpeg","contentUrl":"https:\/\/skaitytaknyga.lt\/wp-content\/uploads\/2024\/05\/cropped-cropped-cropped-02_00843_jt3bggkj1j3HLc7SyY6rEUpg.jpeg","width":1600,"height":1600,"caption":"skaitytaknyga.lt"},"image":{"@id":"https:\/\/skaitytaknyga.lt\/#\/schema\/logo\/image\/"},"sameAs":["https:\/\/www.facebook.com\/skaitytaknyga\/"]}]}},"_links":{"self":[{"href":"https:\/\/skaitytaknyga.lt\/en\/wp-json\/wp\/v2\/product\/13612","targetHints":{"allow":["GET"]}}],"collection":[{"href":"https:\/\/skaitytaknyga.lt\/en\/wp-json\/wp\/v2\/product"}],"about":[{"href":"https:\/\/skaitytaknyga.lt\/en\/wp-json\/wp\/v2\/types\/product"}],"replies":[{"embeddable":true,"href":"https:\/\/skaitytaknyga.lt\/en\/wp-json\/wp\/v2\/comments?post=13612"}],"wp:featuredmedia":[{"embeddable":true,"href":"https:\/\/skaitytaknyga.lt\/en\/wp-json\/wp\/v2\/media\/13642"}],"wp:attachment":[{"href":"https:\/\/skaitytaknyga.lt\/en\/wp-json\/wp\/v2\/media?parent=13612"}],"wp:term":[{"taxonomy":"product_brand","embeddable":true,"href":"https:\/\/skaitytaknyga.lt\/en\/wp-json\/wp\/v2\/product_brand?post=13612"},{"taxonomy":"product_cat","embeddable":true,"href":"https:\/\/skaitytaknyga.lt\/en\/wp-json\/wp\/v2\/product_cat?post=13612"},{"taxonomy":"product_tag","embeddable":true,"href":"https:\/\/skaitytaknyga.lt\/en\/wp-json\/wp\/v2\/product_tag?post=13612"}],"curies":[{"name":"wp","href":"https:\/\/api.w.org\/{rel}","templated":true}]}}