{"id":13474,"date":"2024-08-20T20:29:47","date_gmt":"2024-08-20T17:29:47","guid":{"rendered":"https:\/\/skaitytaknyga.lt\/?post_type=product&#038;p=13474"},"modified":"2025-06-26T15:39:19","modified_gmt":"2025-06-26T12:39:19","slug":"plunges-dekanato-sakraline-architektura-ir-daile","status":"publish","type":"product","link":"https:\/\/skaitytaknyga.lt\/en\/produktas\/plunges-dekanato-sakraline-architektura-ir-daile\/","title":{"rendered":"Plung\u0117s dekanato sakralin\u0117 architekt\u016bra ir dail\u0117"},"content":{"rendered":"<p>Jungtinis tomas, apimantis vis\u0173 Plung\u0117s dekanato ba\u017eny\u010di\u0173 apra\u0161ymus.<\/p>\n<p>Knygoje rasite \u0161i\u0173 miest\u0173 ba\u017eny\u010dias:<\/p>\n<ul>\n<li>Plung\u0117s,<\/li>\n<li>Kuli\u0173,<\/li>\n<li>Stalg\u0117n\u0173,<\/li>\n<li>Pakutuv\u0117n\u0173,<\/li>\n<li>Rietavo;<\/li>\n<li>Tver\u0173;<\/li>\n<li>Kantau\u010di\u0173;<\/li>\n<li>Lieplauk\u0117s;<\/li>\n<li>Meding\u0117n\u0173;<\/li>\n<li>\u017dlibin\u0173;<\/li>\n<li>Plateli\u0173;<\/li>\n<li>Ber\u017eoro;<\/li>\n<li>\u017dem. Kalvarijos;<\/li>\n<li>Gegr\u0117n\u0173.<\/li>\n<\/ul>\n<ul class=\"about-product d-none d-xl-block mt-4\">\n<li><strong>Autorius:<\/strong>\u00a0Adomas Butrimas<\/li>\n<li><strong>Leid\u0117jas:<\/strong>\u00a0Vilniaus dail\u0117s akademijos leidykla<\/li>\n<li><strong>Metai:<\/strong>\u00a02005<\/li>\n<li><strong>Puslapiai:<\/strong>\u00a0828<\/li>\n<li><strong>ISBN-10:<\/strong>\u00a09955624280<\/li>\n<li><strong>ISBN-13:<\/strong>\u00a09789955624288<\/li>\n<li><strong>Prek\u0117s kodas:<\/strong>\u00a02200100721272<\/li>\n<li><strong>Versijos kodas:<\/strong>\u00a0GK.PT.<\/li>\n<li><strong>Formatas:<\/strong>\u00a025 x 34 cm, kieti vir\u0161eliai<\/li>\n<li><strong>Kalba:<\/strong>\u00a0Lietuvi\u0173<\/li>\n<\/ul>\n","protected":false},"excerpt":{"rendered":"<p>Jungtinis tomas, apimantis vis\u0173 Plung\u0117s dekanato ba\u017eny\u010di\u0173 apra\u0161ymus. Knygoje rasite \u0161i\u0173 miest\u0173 ba\u017eny\u010dias: Plung\u0117s, Kuli\u0173, Stalg\u0117n\u0173, Pakutuv\u0117n\u0173, Rietavo; Tver\u0173; Kantau\u010di\u0173; Lieplauk\u0117s; Meding\u0117n\u0173; \u017dlibin\u0173; Plateli\u0173; Ber\u017eoro; \u017dem. Kalvarijos; Gegr\u0117n\u0173. Autorius:\u00a0Adomas Butrimas Leid\u0117jas:\u00a0Vilniaus dail\u0117s akademijos leidykla Metai:\u00a02005 Puslapiai:\u00a0828 ISBN-10:\u00a09955624280 ISBN-13:\u00a09789955624288 Prek\u0117s kodas:\u00a02200100721272 Versijos kodas:\u00a0GK.PT. Formatas:\u00a025 x 34 cm, kieti vir\u0161eliai Kalba:\u00a0Lietuvi\u0173<\/p>\n","protected":false},"featured_media":13475,"comment_status":"open","ping_status":"closed","template":"","meta":{"_acf_changed":false,"site-sidebar-layout":"default","site-content-layout":"","ast-site-content-layout":"default","site-content-style":"default","site-sidebar-style":"default","ast-global-header-display":"","ast-banner-title-visibility":"","ast-main-header-display":"","ast-hfb-above-header-display":"","ast-hfb-below-header-display":"","ast-hfb-mobile-header-display":"","site-post-title":"","ast-breadcrumbs-content":"","ast-featured-img":"","footer-sml-layout":"","ast-disable-related-posts":"","theme-transparent-header-meta":"default","adv-header-id-meta":"","stick-header-meta":"","header-above-stick-meta":"","header-main-stick-meta":"","header-below-stick-meta":"","astra-migrate-meta-layouts":"set","ast-page-background-enabled":"default","ast-page-background-meta":{"desktop":{"background-color":"","background-image":"","background-repeat":"repeat","background-position":"center center","background-size":"auto","background-attachment":"scroll","background-type":"","background-media":"","overlay-type":"","overlay-color":"","overlay-opacity":"","overlay-gradient":""},"tablet":{"background-color":"","background-image":"","background-repeat":"repeat","background-position":"center center","background-size":"auto","background-attachment":"scroll","background-type":"","background-media":"","overlay-type":"","overlay-color":"","overlay-opacity":"","overlay-gradient":""},"mobile":{"background-color":"","background-image":"","background-repeat":"repeat","background-position":"center center","background-size":"auto","background-attachment":"scroll","background-type":"","background-media":"","overlay-type":"","overlay-color":"","overlay-opacity":"","overlay-gradient":""}},"ast-content-background-meta":{"desktop":{"background-color":"var(--ast-global-color-4)","background-image":"","background-repeat":"repeat","background-position":"center center","background-size":"auto","background-attachment":"scroll","background-type":"","background-media":"","overlay-type":"","overlay-color":"","overlay-opacity":"","overlay-gradient":""},"tablet":{"background-color":"var(--ast-global-color-4)","background-image":"","background-repeat":"repeat","background-position":"center center","background-size":"auto","background-attachment":"scroll","background-type":"","background-media":"","overlay-type":"","overlay-color":"","overlay-opacity":"","overlay-gradient":""},"mobile":{"background-color":"var(--ast-global-color-4)","background-image":"","background-repeat":"repeat","background-position":"center center","background-size":"auto","background-attachment":"scroll","background-type":"","background-media":"","overlay-type":"","overlay-color":"","overlay-opacity":"","overlay-gradient":""}}},"product_brand":[],"product_cat":[165],"product_tag":[5862,5843,5846,5858,3409,5860,5853,5848,5854,5855,5850,5857,5847,5844,5851,5845,5849,5852,5861,5859,5856],"class_list":{"0":"post-13474","1":"product","2":"type-product","3":"status-publish","4":"has-post-thumbnail","6":"product_cat-religija-filosofija-ir-ezoterika","7":"product_tag-5862","8":"product_tag-adomas-butrimas","9":"product_tag-baznycios","10":"product_tag-berzoras","11":"product_tag-daile","12":"product_tag-gegrenai","13":"product_tag-kantauciai","14":"product_tag-kuliai","15":"product_tag-lieplauke","16":"product_tag-medingenai","17":"product_tag-pakutuvenai","18":"product_tag-plateliai","19":"product_tag-plunge","20":"product_tag-plunges-dekanatas","21":"product_tag-rietavas","22":"product_tag-sakraline-architektura","23":"product_tag-stalgenai","24":"product_tag-tverai","25":"product_tag-vilniaus-dailes-akademija","26":"product_tag-zem-kalvarija","27":"product_tag-zlibinai","28":"desktop-align-left","29":"tablet-align-left","30":"mobile-align-left","32":"first","33":"instock","34":"shipping-taxable","35":"purchasable","36":"product-type-simple"},"acf":[],"yoast_head":"<!-- This site is optimized with the Yoast SEO plugin v27.4 - https:\/\/yoast.com\/product\/yoast-seo-wordpress\/ -->\n<title>Plung\u0117s dekanato sakralin\u0117 architekt\u016bra ir dail\u0117<\/title>\n<meta name=\"description\" content=\"Jungtinis tomas, apimantis vis\u0173 Plung\u0117s dekanato ba\u017eny\u010di\u0173 apra\u0161ymus. Plung\u0117s dekanato sakralin\u0117 architekt\u016bra ir dail\u0117\" \/>\n<meta name=\"robots\" content=\"index, follow, max-snippet:-1, max-image-preview:large, max-video-preview:-1\" \/>\n<link rel=\"canonical\" href=\"https:\/\/skaitytaknyga.lt\/en\/produktas\/plunges-dekanato-sakraline-architektura-ir-daile\/\" \/>\n<meta property=\"og:locale\" content=\"en_GB\" \/>\n<meta property=\"og:locale:alternate\" content=\"lt_LT\" \/>\n<meta property=\"og:type\" content=\"article\" \/>\n<meta property=\"og:title\" content=\"Plung\u0117s dekanato sakralin\u0117 architekt\u016bra ir dail\u0117\" \/>\n<meta property=\"og:description\" content=\"Jungtinis tomas, apimantis vis\u0173 Plung\u0117s dekanato ba\u017eny\u010di\u0173 apra\u0161ymus. Plung\u0117s dekanato sakralin\u0117 architekt\u016bra ir dail\u0117\" \/>\n<meta property=\"og:url\" content=\"https:\/\/skaitytaknyga.lt\/en\/produktas\/plunges-dekanato-sakraline-architektura-ir-daile\/\" \/>\n<meta property=\"og:site_name\" content=\"Skaitytaknyga\" \/>\n<meta property=\"article:publisher\" content=\"https:\/\/www.facebook.com\/skaitytaknyga\/\" \/>\n<meta property=\"article:modified_time\" content=\"2025-06-26T12:39:19+00:00\" \/>\n<meta property=\"og:image\" content=\"https:\/\/skaitytaknyga.lt\/wp-content\/uploads\/2024\/08\/1462882794_mg6460-6.webp\" \/>\n\t<meta property=\"og:image:width\" content=\"587\" \/>\n\t<meta property=\"og:image:height\" content=\"800\" \/>\n\t<meta property=\"og:image:type\" content=\"image\/webp\" \/>\n<meta name=\"twitter:card\" content=\"summary_large_image\" \/>\n<meta name=\"twitter:label1\" content=\"Estimated reading time\" \/>\n\t<meta name=\"twitter:data1\" content=\"1 minute\" \/>\n<script type=\"application\/ld+json\" class=\"yoast-schema-graph\">{\"@context\":\"https:\\\/\\\/schema.org\",\"@graph\":[{\"@type\":\"WebPage\",\"@id\":\"https:\\\/\\\/skaitytaknyga.lt\\\/produktas\\\/plunges-dekanato-sakraline-architektura-ir-daile\\\/\",\"url\":\"https:\\\/\\\/skaitytaknyga.lt\\\/produktas\\\/plunges-dekanato-sakraline-architektura-ir-daile\\\/\",\"name\":\"Plung\u0117s dekanato sakralin\u0117 architekt\u016bra ir dail\u0117\",\"isPartOf\":{\"@id\":\"https:\\\/\\\/skaitytaknyga.lt\\\/#website\"},\"primaryImageOfPage\":{\"@id\":\"https:\\\/\\\/skaitytaknyga.lt\\\/produktas\\\/plunges-dekanato-sakraline-architektura-ir-daile\\\/#primaryimage\"},\"image\":{\"@id\":\"https:\\\/\\\/skaitytaknyga.lt\\\/produktas\\\/plunges-dekanato-sakraline-architektura-ir-daile\\\/#primaryimage\"},\"thumbnailUrl\":\"https:\\\/\\\/skaitytaknyga.lt\\\/wp-content\\\/uploads\\\/2024\\\/08\\\/1462882794_mg6460-6.webp\",\"datePublished\":\"2024-08-20T17:29:47+00:00\",\"dateModified\":\"2025-06-26T12:39:19+00:00\",\"description\":\"Jungtinis tomas, apimantis vis\u0173 Plung\u0117s dekanato ba\u017eny\u010di\u0173 apra\u0161ymus. Plung\u0117s dekanato sakralin\u0117 architekt\u016bra ir dail\u0117\",\"breadcrumb\":{\"@id\":\"https:\\\/\\\/skaitytaknyga.lt\\\/produktas\\\/plunges-dekanato-sakraline-architektura-ir-daile\\\/#breadcrumb\"},\"inLanguage\":\"en-GB\",\"potentialAction\":[{\"@type\":\"ReadAction\",\"target\":[\"https:\\\/\\\/skaitytaknyga.lt\\\/produktas\\\/plunges-dekanato-sakraline-architektura-ir-daile\\\/\"]}]},{\"@type\":\"ImageObject\",\"inLanguage\":\"en-GB\",\"@id\":\"https:\\\/\\\/skaitytaknyga.lt\\\/produktas\\\/plunges-dekanato-sakraline-architektura-ir-daile\\\/#primaryimage\",\"url\":\"https:\\\/\\\/skaitytaknyga.lt\\\/wp-content\\\/uploads\\\/2024\\\/08\\\/1462882794_mg6460-6.webp\",\"contentUrl\":\"https:\\\/\\\/skaitytaknyga.lt\\\/wp-content\\\/uploads\\\/2024\\\/08\\\/1462882794_mg6460-6.webp\",\"width\":587,\"height\":800,\"caption\":\"Plung\u0117s dekanato sakralin\u0117 architekt\u016bra ir dail\u0117\"},{\"@type\":\"BreadcrumbList\",\"@id\":\"https:\\\/\\\/skaitytaknyga.lt\\\/produktas\\\/plunges-dekanato-sakraline-architektura-ir-daile\\\/#breadcrumb\",\"itemListElement\":[{\"@type\":\"ListItem\",\"position\":1,\"name\":\"Home\",\"item\":\"https:\\\/\\\/skaitytaknyga.lt\\\/\"},{\"@type\":\"ListItem\",\"position\":2,\"name\":\"Parduotuv\u0117\",\"item\":\"https:\\\/\\\/skaitytaknyga.lt\\\/knygu-parduotuve\\\/\"},{\"@type\":\"ListItem\",\"position\":3,\"name\":\"Plung\u0117s dekanato sakralin\u0117 architekt\u016bra ir dail\u0117\"}]},{\"@type\":\"WebSite\",\"@id\":\"https:\\\/\\\/skaitytaknyga.lt\\\/#website\",\"url\":\"https:\\\/\\\/skaitytaknyga.lt\\\/\",\"name\":\"skaitytaknyga.lt\",\"description\":\"Skaitytaknyga.lt \u2013 tai ma\u017eas \u0161eimos verslas, kuris prasid\u0117jo nuo meil\u0117s knygoms ir siekio i\u0161gelb\u0117ti knygas nuo likimo prie konteinerio. Kas vienam nereikalingas daiktas \u2013 kitam lobis, o mes esame tarpininkai, kurie padeda abiems tapti laimingesniems ???? \u017dinome kaip nelengva i\u0161gyventi ma\u017eiems verslams, tad nuo \u0161iol, \u010dia rasite ir kit\u0173, ma\u017e\u0173 \u0161eim\u0173 versl\u0173, rank\u0173 darbo, dovan\u0173 sau ir artimiesiems.\",\"publisher\":{\"@id\":\"https:\\\/\\\/skaitytaknyga.lt\\\/#organization\"},\"potentialAction\":[{\"@type\":\"SearchAction\",\"target\":{\"@type\":\"EntryPoint\",\"urlTemplate\":\"https:\\\/\\\/skaitytaknyga.lt\\\/?s={search_term_string}\"},\"query-input\":{\"@type\":\"PropertyValueSpecification\",\"valueRequired\":true,\"valueName\":\"search_term_string\"}}],\"inLanguage\":\"en-GB\"},{\"@type\":\"Organization\",\"@id\":\"https:\\\/\\\/skaitytaknyga.lt\\\/#organization\",\"name\":\"skaitytaknyga.lt\",\"url\":\"https:\\\/\\\/skaitytaknyga.lt\\\/\",\"logo\":{\"@type\":\"ImageObject\",\"inLanguage\":\"en-GB\",\"@id\":\"https:\\\/\\\/skaitytaknyga.lt\\\/#\\\/schema\\\/logo\\\/image\\\/\",\"url\":\"https:\\\/\\\/skaitytaknyga.lt\\\/wp-content\\\/uploads\\\/2024\\\/05\\\/cropped-cropped-cropped-02_00843_jt3bggkj1j3HLc7SyY6rEUpg.jpeg\",\"contentUrl\":\"https:\\\/\\\/skaitytaknyga.lt\\\/wp-content\\\/uploads\\\/2024\\\/05\\\/cropped-cropped-cropped-02_00843_jt3bggkj1j3HLc7SyY6rEUpg.jpeg\",\"width\":1600,\"height\":1600,\"caption\":\"skaitytaknyga.lt\"},\"image\":{\"@id\":\"https:\\\/\\\/skaitytaknyga.lt\\\/#\\\/schema\\\/logo\\\/image\\\/\"},\"sameAs\":[\"https:\\\/\\\/www.facebook.com\\\/skaitytaknyga\\\/\"]}]}<\/script>\n<!-- \/ Yoast SEO plugin. -->","yoast_head_json":{"title":"Plung\u0117s dekanato sakralin\u0117 architekt\u016bra ir dail\u0117","description":"Jungtinis tomas, apimantis vis\u0173 Plung\u0117s dekanato ba\u017eny\u010di\u0173 apra\u0161ymus. Plung\u0117s dekanato sakralin\u0117 architekt\u016bra ir dail\u0117","robots":{"index":"index","follow":"follow","max-snippet":"max-snippet:-1","max-image-preview":"max-image-preview:large","max-video-preview":"max-video-preview:-1"},"canonical":"https:\/\/skaitytaknyga.lt\/en\/produktas\/plunges-dekanato-sakraline-architektura-ir-daile\/","og_locale":"en_GB","og_type":"article","og_title":"[:lt]Plung\u0117s dekanato sakralin\u0117 architekt\u016bra ir dail\u0117[:] - Skaitytaknyga","og_description":"Jungtinis tomas, apimantis vis\u0173 Plung\u0117s dekanato ba\u017eny\u010di\u0173 apra\u0161ymus. Plung\u0117s dekanato sakralin\u0117 architekt\u016bra ir dail\u0117","og_url":"https:\/\/skaitytaknyga.lt\/en\/produktas\/plunges-dekanato-sakraline-architektura-ir-daile\/","og_site_name":"Skaitytaknyga","article_publisher":"https:\/\/www.facebook.com\/skaitytaknyga\/","article_modified_time":"2025-06-26T12:39:19+00:00","og_image":[{"width":587,"height":800,"url":"https:\/\/skaitytaknyga.lt\/wp-content\/uploads\/2024\/08\/1462882794_mg6460-6.webp","type":"image\/webp"}],"twitter_card":"summary_large_image","twitter_misc":{"Estimated reading time":"1 minute"},"schema":{"@context":"https:\/\/schema.org","@graph":[{"@type":"WebPage","@id":"https:\/\/skaitytaknyga.lt\/produktas\/plunges-dekanato-sakraline-architektura-ir-daile\/","url":"https:\/\/skaitytaknyga.lt\/produktas\/plunges-dekanato-sakraline-architektura-ir-daile\/","name":"Plung\u0117s dekanato sakralin\u0117 architekt\u016bra ir dail\u0117","isPartOf":{"@id":"https:\/\/skaitytaknyga.lt\/#website"},"primaryImageOfPage":{"@id":"https:\/\/skaitytaknyga.lt\/produktas\/plunges-dekanato-sakraline-architektura-ir-daile\/#primaryimage"},"image":{"@id":"https:\/\/skaitytaknyga.lt\/produktas\/plunges-dekanato-sakraline-architektura-ir-daile\/#primaryimage"},"thumbnailUrl":"https:\/\/skaitytaknyga.lt\/wp-content\/uploads\/2024\/08\/1462882794_mg6460-6.webp","datePublished":"2024-08-20T17:29:47+00:00","dateModified":"2025-06-26T12:39:19+00:00","description":"Jungtinis tomas, apimantis vis\u0173 Plung\u0117s dekanato ba\u017eny\u010di\u0173 apra\u0161ymus. Plung\u0117s dekanato sakralin\u0117 architekt\u016bra ir dail\u0117","breadcrumb":{"@id":"https:\/\/skaitytaknyga.lt\/produktas\/plunges-dekanato-sakraline-architektura-ir-daile\/#breadcrumb"},"inLanguage":"en-GB","potentialAction":[{"@type":"ReadAction","target":["https:\/\/skaitytaknyga.lt\/produktas\/plunges-dekanato-sakraline-architektura-ir-daile\/"]}]},{"@type":"ImageObject","inLanguage":"en-GB","@id":"https:\/\/skaitytaknyga.lt\/produktas\/plunges-dekanato-sakraline-architektura-ir-daile\/#primaryimage","url":"https:\/\/skaitytaknyga.lt\/wp-content\/uploads\/2024\/08\/1462882794_mg6460-6.webp","contentUrl":"https:\/\/skaitytaknyga.lt\/wp-content\/uploads\/2024\/08\/1462882794_mg6460-6.webp","width":587,"height":800,"caption":"Plung\u0117s dekanato sakralin\u0117 architekt\u016bra ir dail\u0117"},{"@type":"BreadcrumbList","@id":"https:\/\/skaitytaknyga.lt\/produktas\/plunges-dekanato-sakraline-architektura-ir-daile\/#breadcrumb","itemListElement":[{"@type":"ListItem","position":1,"name":"Home","item":"https:\/\/skaitytaknyga.lt\/"},{"@type":"ListItem","position":2,"name":"Parduotuv\u0117","item":"https:\/\/skaitytaknyga.lt\/knygu-parduotuve\/"},{"@type":"ListItem","position":3,"name":"Plung\u0117s dekanato sakralin\u0117 architekt\u016bra ir dail\u0117"}]},{"@type":"WebSite","@id":"https:\/\/skaitytaknyga.lt\/#website","url":"https:\/\/skaitytaknyga.lt\/","name":"skaitytaknyga.lt","description":"Skaitytaknyga.lt \u2013 tai ma\u017eas \u0161eimos verslas, kuris prasid\u0117jo nuo meil\u0117s knygoms ir siekio i\u0161gelb\u0117ti knygas nuo likimo prie konteinerio. Kas vienam nereikalingas daiktas \u2013 kitam lobis, o mes esame tarpininkai, kurie padeda abiems tapti laimingesniems ???? \u017dinome kaip nelengva i\u0161gyventi ma\u017eiems verslams, tad nuo \u0161iol, \u010dia rasite ir kit\u0173, ma\u017e\u0173 \u0161eim\u0173 versl\u0173, rank\u0173 darbo, dovan\u0173 sau ir artimiesiems.","publisher":{"@id":"https:\/\/skaitytaknyga.lt\/#organization"},"potentialAction":[{"@type":"SearchAction","target":{"@type":"EntryPoint","urlTemplate":"https:\/\/skaitytaknyga.lt\/?s={search_term_string}"},"query-input":{"@type":"PropertyValueSpecification","valueRequired":true,"valueName":"search_term_string"}}],"inLanguage":"en-GB"},{"@type":"Organization","@id":"https:\/\/skaitytaknyga.lt\/#organization","name":"skaitytaknyga.lt","url":"https:\/\/skaitytaknyga.lt\/","logo":{"@type":"ImageObject","inLanguage":"en-GB","@id":"https:\/\/skaitytaknyga.lt\/#\/schema\/logo\/image\/","url":"https:\/\/skaitytaknyga.lt\/wp-content\/uploads\/2024\/05\/cropped-cropped-cropped-02_00843_jt3bggkj1j3HLc7SyY6rEUpg.jpeg","contentUrl":"https:\/\/skaitytaknyga.lt\/wp-content\/uploads\/2024\/05\/cropped-cropped-cropped-02_00843_jt3bggkj1j3HLc7SyY6rEUpg.jpeg","width":1600,"height":1600,"caption":"skaitytaknyga.lt"},"image":{"@id":"https:\/\/skaitytaknyga.lt\/#\/schema\/logo\/image\/"},"sameAs":["https:\/\/www.facebook.com\/skaitytaknyga\/"]}]}},"_links":{"self":[{"href":"https:\/\/skaitytaknyga.lt\/en\/wp-json\/wp\/v2\/product\/13474","targetHints":{"allow":["GET"]}}],"collection":[{"href":"https:\/\/skaitytaknyga.lt\/en\/wp-json\/wp\/v2\/product"}],"about":[{"href":"https:\/\/skaitytaknyga.lt\/en\/wp-json\/wp\/v2\/types\/product"}],"replies":[{"embeddable":true,"href":"https:\/\/skaitytaknyga.lt\/en\/wp-json\/wp\/v2\/comments?post=13474"}],"wp:featuredmedia":[{"embeddable":true,"href":"https:\/\/skaitytaknyga.lt\/en\/wp-json\/wp\/v2\/media\/13475"}],"wp:attachment":[{"href":"https:\/\/skaitytaknyga.lt\/en\/wp-json\/wp\/v2\/media?parent=13474"}],"wp:term":[{"taxonomy":"product_brand","embeddable":true,"href":"https:\/\/skaitytaknyga.lt\/en\/wp-json\/wp\/v2\/product_brand?post=13474"},{"taxonomy":"product_cat","embeddable":true,"href":"https:\/\/skaitytaknyga.lt\/en\/wp-json\/wp\/v2\/product_cat?post=13474"},{"taxonomy":"product_tag","embeddable":true,"href":"https:\/\/skaitytaknyga.lt\/en\/wp-json\/wp\/v2\/product_tag?post=13474"}],"curies":[{"name":"wp","href":"https:\/\/api.w.org\/{rel}","templated":true}]}}